{"id":69,"date":"2015-10-21T22:27:59","date_gmt":"2015-10-21T21:27:59","guid":{"rendered":"http:\/\/asso-6art-sonchamp.fr\/?page_id=69"},"modified":"2026-04-27T21:18:43","modified_gmt":"2026-04-27T20:18:43","slug":"nos-professeurs","status":"publish","type":"page","link":"https:\/\/asso-6art-sonchamp.fr\/index.php\/nos-professeurs\/","title":{"rendered":"Nos professeurs"},"content":{"rendered":"<div id=\"pl-69\"  class=\"panel-layout\" ><div id=\"pg-69-0\"  class=\"panel-grid panel-no-style\"  style=\"margin-bottom: 10px\" ><div id=\"pgc-69-0-0\"  class=\"panel-grid-cell\" ><div id=\"panel-69-0-0-0\" class=\"so-panel widget widget_sow-editor panel-first-child panel-last-child\" data-index=\"0\" ><div\n\t\t\t\n\t\t\tclass=\"so-widget-sow-editor so-widget-sow-editor-base\"\n\t\t\t\n\t\t>\n<div class=\"siteorigin-widget-tinymce textwidget\">\n\t<h2>L'association 6\u00e8me Art compte cinq <span style=\"color: #000000;\">professeurs de danse permanents et des <a style=\"color: #000000;\" href=\"http:\/\/asso-6art-sonchamp.fr\/index.php\/professeurs-occasionnels\/\">professeurs occasionnels<\/a>.<\/span><\/h2>\n<\/div>\n<\/div><\/div><\/div><\/div><div id=\"pg-69-1\"  class=\"panel-grid panel-no-style\"  style=\"margin-bottom: 10px\" ><div id=\"pgc-69-1-0\"  class=\"panel-grid-cell\" ><div id=\"panel-69-1-0-0\" class=\"so-panel widget widget_sow-editor panel-first-child panel-last-child\" data-index=\"1\" ><div style=\"padding: 5px;\" class=\"panel-widget-style panel-widget-style-for-69-1-0-0\" ><div\n\t\t\t\n\t\t\tclass=\"so-widget-sow-editor so-widget-sow-editor-base\"\n\t\t\t\n\t\t>\n<div class=\"siteorigin-widget-tinymce textwidget\">\n\t<p class=\"aligncenter wp-image-175 size-full\" style=\"text-align: center;\"><a href=\"http:\/\/asso-6art-sonchamp.fr\/wp-content\/uploads\/2015\/10\/PHOTO-2023-06-30-13-26-09.jpg\" rel=\"attachment wp-att-2114\"><img data-attachment-id=\"2114\" data-permalink=\"https:\/\/asso-6art-sonchamp.fr\/index.php\/nos-professeurs\/photo-2023-06-30-13-26-09\/\" data-orig-file=\"https:\/\/asso-6art-sonchamp.fr\/wp-content\/uploads\/2015\/10\/PHOTO-2023-06-30-13-26-09.jpg\" data-orig-size=\"1536,2048\" data-comments-opened=\"0\" data-image-meta=\"{&quot;aperture&quot;:&quot;0&quot;,&quot;credit&quot;:&quot;&quot;,&quot;camera&quot;:&quot;&quot;,&quot;caption&quot;:&quot;&quot;,&quot;created_timestamp&quot;:&quot;0&quot;,&quot;copyright&quot;:&quot;&quot;,&quot;focal_length&quot;:&quot;0&quot;,&quot;iso&quot;:&quot;0&quot;,&quot;shutter_speed&quot;:&quot;0&quot;,&quot;title&quot;:&quot;&quot;,&quot;orientation&quot;:&quot;0&quot;}\" data-image-title=\"PHOTO-2023-06-30-13-26-09\" data-image-description=\"\" data-image-caption=\"\" data-medium-file=\"https:\/\/asso-6art-sonchamp.fr\/wp-content\/uploads\/2015\/10\/PHOTO-2023-06-30-13-26-09-225x300.jpg\" data-large-file=\"https:\/\/asso-6art-sonchamp.fr\/wp-content\/uploads\/2015\/10\/PHOTO-2023-06-30-13-26-09-768x1024.jpg\" loading=\"lazy\" decoding=\"async\" class=\"aligncenter wp-image-2114 size-medium\" src=\"http:\/\/asso-6art-sonchamp.fr\/wp-content\/uploads\/2015\/10\/PHOTO-2023-06-30-13-26-09-225x300.jpg\" alt=\"PHOTO-2023-06-30-13-26-09\" width=\"225\" height=\"300\" srcset=\"https:\/\/asso-6art-sonchamp.fr\/wp-content\/uploads\/2015\/10\/PHOTO-2023-06-30-13-26-09-225x300.jpg 225w, https:\/\/asso-6art-sonchamp.fr\/wp-content\/uploads\/2015\/10\/PHOTO-2023-06-30-13-26-09-768x1024.jpg 768w, https:\/\/asso-6art-sonchamp.fr\/wp-content\/uploads\/2015\/10\/PHOTO-2023-06-30-13-26-09.jpg 1536w\" sizes=\"auto, (max-width: 225px) 100vw, 225px\" \/><\/a>Boris Bodonon est l'un de nos professeurs de Hip-Hop depuis septembre 2023.<\/p>\n<\/div>\n<\/div><\/div><\/div><\/div><div id=\"pgc-69-1-1\"  class=\"panel-grid-cell\" ><div id=\"panel-69-1-1-0\" class=\"so-panel widget widget_sow-editor panel-first-child panel-last-child\" data-index=\"2\" ><div style=\"padding: 5px;\" class=\"panel-widget-style panel-widget-style-for-69-1-1-0\" ><div\n\t\t\t\n\t\t\tclass=\"so-widget-sow-editor so-widget-sow-editor-base\"\n\t\t\t\n\t\t>\n<div class=\"siteorigin-widget-tinymce textwidget\">\n\t<p style=\"text-align: center;\"><a href=\"http:\/\/asso-6art-sonchamp.fr\/wp-content\/uploads\/2015\/10\/WhatsApp-Image-bis.jpg\" rel=\"attachment wp-att-1960\"><img data-attachment-id=\"1960\" data-permalink=\"https:\/\/asso-6art-sonchamp.fr\/index.php\/nos-professeurs\/whatsapp-image-bis-2\/\" data-orig-file=\"https:\/\/asso-6art-sonchamp.fr\/wp-content\/uploads\/2015\/10\/WhatsApp-Image-bis.jpg\" data-orig-size=\"486,683\" data-comments-opened=\"0\" data-image-meta=\"{&quot;aperture&quot;:&quot;0&quot;,&quot;credit&quot;:&quot;&quot;,&quot;camera&quot;:&quot;&quot;,&quot;caption&quot;:&quot;&quot;,&quot;created_timestamp&quot;:&quot;0&quot;,&quot;copyright&quot;:&quot;&quot;,&quot;focal_length&quot;:&quot;0&quot;,&quot;iso&quot;:&quot;0&quot;,&quot;shutter_speed&quot;:&quot;0&quot;,&quot;title&quot;:&quot;&quot;,&quot;orientation&quot;:&quot;1&quot;}\" data-image-title=\"WhatsApp Image bis\" data-image-description=\"\" data-image-caption=\"\" data-medium-file=\"https:\/\/asso-6art-sonchamp.fr\/wp-content\/uploads\/2015\/10\/WhatsApp-Image-bis-213x300.jpg\" data-large-file=\"https:\/\/asso-6art-sonchamp.fr\/wp-content\/uploads\/2015\/10\/WhatsApp-Image-bis.jpg\" loading=\"lazy\" decoding=\"async\" class=\"aligncenter wp-image-1960 size-medium\" src=\"http:\/\/asso-6art-sonchamp.fr\/wp-content\/uploads\/2015\/10\/WhatsApp-Image-bis-213x300.jpg\" alt=\"WhatsApp Image bis\" width=\"213\" height=\"300\" srcset=\"https:\/\/asso-6art-sonchamp.fr\/wp-content\/uploads\/2015\/10\/WhatsApp-Image-bis-213x300.jpg 213w, https:\/\/asso-6art-sonchamp.fr\/wp-content\/uploads\/2015\/10\/WhatsApp-Image-bis.jpg 486w\" sizes=\"auto, (max-width: 213px) 100vw, 213px\" \/><\/a><span style=\"color: #ff6600;\"><a style=\"color: #ff6600;\" href=\"https:\/\/asso-6art-sonchamp.fr\/index.php\/melina-castin\/\" target=\"_blank\" rel=\"noopener\">M\u00e9lina Castin<\/a><\/span> est notre professeure de Modern\/ModernJazz depuis septembre 2016. Elle est \u00e9galement chor\u00e9graphe de la Cie de Modern \"A corps et Accords\" depuis septembre 2023.<\/p>\n<\/div>\n<\/div><\/div><\/div><\/div><div id=\"pgc-69-1-2\"  class=\"panel-grid-cell\" ><div id=\"panel-69-1-2-0\" class=\"so-panel widget widget_sow-editor panel-first-child panel-last-child\" data-index=\"3\" ><div style=\"padding: 5px;\" class=\"panel-widget-style panel-widget-style-for-69-1-2-0\" ><div\n\t\t\t\n\t\t\tclass=\"so-widget-sow-editor so-widget-sow-editor-base\"\n\t\t\t\n\t\t>\n<div class=\"siteorigin-widget-tinymce textwidget\">\n\t<p class=\"aligncenter wp-image-175 size-full\" style=\"text-align: center;\"><a href=\"http:\/\/asso-6art-sonchamp.fr\/wp-content\/uploads\/2015\/10\/Sonia-2.jpg\" rel=\"attachment wp-att-1387\"><img data-attachment-id=\"1387\" data-permalink=\"https:\/\/asso-6art-sonchamp.fr\/index.php\/nos-professeurs\/sonia-2\/\" data-orig-file=\"https:\/\/asso-6art-sonchamp.fr\/wp-content\/uploads\/2015\/10\/Sonia-2.jpg\" data-orig-size=\"792,1054\" data-comments-opened=\"0\" data-image-meta=\"{&quot;aperture&quot;:&quot;0&quot;,&quot;credit&quot;:&quot;&quot;,&quot;camera&quot;:&quot;&quot;,&quot;caption&quot;:&quot;&quot;,&quot;created_timestamp&quot;:&quot;0&quot;,&quot;copyright&quot;:&quot;&quot;,&quot;focal_length&quot;:&quot;0&quot;,&quot;iso&quot;:&quot;0&quot;,&quot;shutter_speed&quot;:&quot;0&quot;,&quot;title&quot;:&quot;&quot;,&quot;orientation&quot;:&quot;1&quot;}\" data-image-title=\"Sonia 2\" data-image-description=\"\" data-image-caption=\"\" data-medium-file=\"https:\/\/asso-6art-sonchamp.fr\/wp-content\/uploads\/2015\/10\/Sonia-2-225x300.jpg\" data-large-file=\"https:\/\/asso-6art-sonchamp.fr\/wp-content\/uploads\/2015\/10\/Sonia-2-769x1024.jpg\" loading=\"lazy\" decoding=\"async\" class=\"wp-image-1387 size-medium aligncenter\" src=\"http:\/\/asso-6art-sonchamp.fr\/wp-content\/uploads\/2015\/10\/Sonia-2-225x300.jpg\" alt=\"Sonia 2\" width=\"225\" height=\"300\" srcset=\"https:\/\/asso-6art-sonchamp.fr\/wp-content\/uploads\/2015\/10\/Sonia-2-225x300.jpg 225w, https:\/\/asso-6art-sonchamp.fr\/wp-content\/uploads\/2015\/10\/Sonia-2-768x1022.jpg 768w, https:\/\/asso-6art-sonchamp.fr\/wp-content\/uploads\/2015\/10\/Sonia-2-769x1024.jpg 769w, https:\/\/asso-6art-sonchamp.fr\/wp-content\/uploads\/2015\/10\/Sonia-2.jpg 792w\" sizes=\"auto, (max-width: 225px) 100vw, 225px\" \/><\/a>Sonia Deschamps est notre professeure de Danse Classique et de Stretching depuis septembre 2016.<\/p>\n<\/div>\n<\/div><\/div><\/div><\/div><\/div><div id=\"pg-69-2\"  class=\"panel-grid panel-no-style\"  style=\"margin-bottom: 10px\" ><div id=\"pgc-69-2-0\"  class=\"panel-grid-cell\" ><div id=\"panel-69-2-0-0\" class=\"so-panel widget widget_sow-editor panel-first-child panel-last-child\" data-index=\"4\" ><div style=\"padding: 5px;\" class=\"panel-widget-style panel-widget-style-for-69-2-0-0\" ><div\n\t\t\t\n\t\t\tclass=\"so-widget-sow-editor so-widget-sow-editor-base\"\n\t\t\t\n\t\t>\n<div class=\"siteorigin-widget-tinymce textwidget\">\n\t<p class=\"aligncenter wp-image-175 size-full\" style=\"text-align: center;\"><a href=\"http:\/\/asso-6art-sonchamp.fr\/wp-content\/uploads\/2015\/10\/WhatsApp-Image-2023-06-01-at-22.29.12.jpeg\" rel=\"attachment wp-att-1958\"><img data-attachment-id=\"1958\" data-permalink=\"https:\/\/asso-6art-sonchamp.fr\/index.php\/nos-professeurs\/whatsapp-image-2023-06-01-at-22-29-12\/\" data-orig-file=\"https:\/\/asso-6art-sonchamp.fr\/wp-content\/uploads\/2015\/10\/WhatsApp-Image-2023-06-01-at-22.29.12.jpeg\" data-orig-size=\"1118,1600\" data-comments-opened=\"0\" data-image-meta=\"{&quot;aperture&quot;:&quot;0&quot;,&quot;credit&quot;:&quot;&quot;,&quot;camera&quot;:&quot;&quot;,&quot;caption&quot;:&quot;&quot;,&quot;created_timestamp&quot;:&quot;0&quot;,&quot;copyright&quot;:&quot;&quot;,&quot;focal_length&quot;:&quot;0&quot;,&quot;iso&quot;:&quot;0&quot;,&quot;shutter_speed&quot;:&quot;0&quot;,&quot;title&quot;:&quot;&quot;,&quot;orientation&quot;:&quot;0&quot;}\" data-image-title=\"WhatsApp Image 2023-06-01 at 22.29.12\" data-image-description=\"\" data-image-caption=\"\" data-medium-file=\"https:\/\/asso-6art-sonchamp.fr\/wp-content\/uploads\/2015\/10\/WhatsApp-Image-2023-06-01-at-22.29.12-210x300.jpeg\" data-large-file=\"https:\/\/asso-6art-sonchamp.fr\/wp-content\/uploads\/2015\/10\/WhatsApp-Image-2023-06-01-at-22.29.12-716x1024.jpeg\" loading=\"lazy\" decoding=\"async\" class=\"aligncenter wp-image-1958 size-medium\" src=\"http:\/\/asso-6art-sonchamp.fr\/wp-content\/uploads\/2015\/10\/WhatsApp-Image-2023-06-01-at-22.29.12-210x300.jpeg\" alt=\"WhatsApp Image 2023-06-01 at 22.29.12\" width=\"210\" height=\"300\" srcset=\"https:\/\/asso-6art-sonchamp.fr\/wp-content\/uploads\/2015\/10\/WhatsApp-Image-2023-06-01-at-22.29.12-210x300.jpeg 210w, https:\/\/asso-6art-sonchamp.fr\/wp-content\/uploads\/2015\/10\/WhatsApp-Image-2023-06-01-at-22.29.12-768x1099.jpeg 768w, https:\/\/asso-6art-sonchamp.fr\/wp-content\/uploads\/2015\/10\/WhatsApp-Image-2023-06-01-at-22.29.12-716x1024.jpeg 716w, https:\/\/asso-6art-sonchamp.fr\/wp-content\/uploads\/2015\/10\/WhatsApp-Image-2023-06-01-at-22.29.12.jpeg 1118w\" sizes=\"auto, (max-width: 210px) 100vw, 210px\" \/><\/a>Emma Giry, danseuse Meltin'Kidz, Meltin'Skills et Meltin'SK, est l'une de nos professeurs de Hip-Hop depuis septembre 2022. Elle a \u00e9galement \u00e9t\u00e9 chor\u00e9graphe de la Cie Hip-Hop \"Meltin'Kidz\" de 2023 \u00e0 2025.<\/p>\n<\/div>\n<\/div><\/div><\/div><\/div><div id=\"pgc-69-2-1\"  class=\"panel-grid-cell panel-grid-cell-mobile-last\" ><div id=\"panel-69-2-1-0\" class=\"so-panel widget widget_sow-editor panel-first-child panel-last-child\" data-index=\"5\" ><div style=\"padding: 5px;\" class=\"panel-widget-style panel-widget-style-for-69-2-1-0\" ><div\n\t\t\t\n\t\t\tclass=\"so-widget-sow-editor so-widget-sow-editor-base\"\n\t\t\t\n\t\t>\n<div class=\"siteorigin-widget-tinymce textwidget\">\n\t<p style=\"text-align: center;\"><a href=\"http:\/\/asso-6art-sonchamp.fr\/wp-content\/uploads\/2015\/10\/image0.jpeg\" rel=\"attachment wp-att-2111\"><img data-attachment-id=\"2111\" data-permalink=\"https:\/\/asso-6art-sonchamp.fr\/index.php\/nos-professeurs\/image0\/\" data-orig-file=\"https:\/\/asso-6art-sonchamp.fr\/wp-content\/uploads\/2015\/10\/image0.jpeg\" data-orig-size=\"2190,2737\" data-comments-opened=\"0\" data-image-meta=\"{&quot;aperture&quot;:&quot;0&quot;,&quot;credit&quot;:&quot;&quot;,&quot;camera&quot;:&quot;&quot;,&quot;caption&quot;:&quot;&quot;,&quot;created_timestamp&quot;:&quot;0&quot;,&quot;copyright&quot;:&quot;&quot;,&quot;focal_length&quot;:&quot;0&quot;,&quot;iso&quot;:&quot;0&quot;,&quot;shutter_speed&quot;:&quot;0&quot;,&quot;title&quot;:&quot;&quot;,&quot;orientation&quot;:&quot;1&quot;}\" data-image-title=\"image0\" data-image-description=\"\" data-image-caption=\"\" data-medium-file=\"https:\/\/asso-6art-sonchamp.fr\/wp-content\/uploads\/2015\/10\/image0-240x300.jpeg\" data-large-file=\"https:\/\/asso-6art-sonchamp.fr\/wp-content\/uploads\/2015\/10\/image0-819x1024.jpeg\" loading=\"lazy\" decoding=\"async\" class=\"wp-image-2111 size-medium aligncenter\" src=\"http:\/\/asso-6art-sonchamp.fr\/wp-content\/uploads\/2015\/10\/image0-240x300.jpeg\" alt=\"image0\" width=\"240\" height=\"300\" srcset=\"https:\/\/asso-6art-sonchamp.fr\/wp-content\/uploads\/2015\/10\/image0-240x300.jpeg 240w, https:\/\/asso-6art-sonchamp.fr\/wp-content\/uploads\/2015\/10\/image0-768x960.jpeg 768w, https:\/\/asso-6art-sonchamp.fr\/wp-content\/uploads\/2015\/10\/image0-819x1024.jpeg 819w\" sizes=\"auto, (max-width: 240px) 100vw, 240px\" \/><\/a>Justine Lambin est chor\u00e9graphe de la Cie Hip-Hop \"Meltin'Skills\" de 2023 \u00e0 2025 et de Meltin'SK depuis 2025.<\/p>\n<\/div>\n<\/div><\/div><\/div><\/div><div id=\"pgc-69-2-2\"  class=\"panel-grid-cell panel-grid-cell-empty\" ><\/div><\/div><div id=\"pg-69-3\"  class=\"panel-grid panel-no-style\" ><div id=\"pgc-69-3-0\"  class=\"panel-grid-cell\" ><div id=\"panel-69-3-0-0\" class=\"so-panel widget widget_sow-editor panel-first-child panel-last-child\" data-index=\"6\" ><div\n\t\t\t\n\t\t\tclass=\"so-widget-sow-editor so-widget-sow-editor-base\"\n\t\t\t\n\t\t>\n<div class=\"siteorigin-widget-tinymce textwidget\">\n\t<h2>\u00a0Anciens professeurs de 6\u00e8me Art, <span style=\"color: #000000;\"><a style=\"color: #000000;\" href=\"http:\/\/asso-6art-sonchamp.fr\/index.php\/anciens-professeurs-de-6eme-art\/\">cliquez ici.<\/a><\/span><\/h2>\n<hr \/>\n<h2>\u00a0<\/h2>\n<\/div>\n<\/div><\/div><\/div><\/div><\/div>","protected":false},"excerpt":{"rendered":"<p>L&rsquo;association 6\u00e8me Art compte cinq professeurs de danse permanents et des professeurs occasionnels. Boris Bodonon est l&rsquo;un de nos professeurs de Hip-Hop depuis septembre 2023. M\u00e9lina Castin est notre professeure de Modern\/ModernJazz depuis septembre 2016. Elle est \u00e9galement chor\u00e9graphe de la Cie de Modern \u00ab\u00a0A corps et Accords\u00a0\u00bb depuis septembre 2023. Sonia Deschamps est notre &hellip; <a href=\"https:\/\/asso-6art-sonchamp.fr\/index.php\/nos-professeurs\/\" class=\"more-link\">Continuer la lecture de <span class=\"screen-reader-text\">Nos professeurs<\/span>  <span class=\"meta-nav\">&rarr;<\/span><\/a><\/p>\n","protected":false},"author":1,"featured_media":0,"parent":0,"menu_order":0,"comment_status":"closed","ping_status":"closed","template":"","meta":{"_acf_changed":false,"jetpack_post_was_ever_published":false,"footnotes":""},"class_list":["post-69","page","type-page","status-publish","hentry"],"acf":[],"jetpack_sharing_enabled":true,"jetpack_shortlink":"https:\/\/wp.me\/P6Yl4y-17","jetpack-related-posts":[],"_links":{"self":[{"href":"https:\/\/asso-6art-sonchamp.fr\/index.php\/wp-json\/wp\/v2\/pages\/69","targetHints":{"allow":["GET"]}}],"collection":[{"href":"https:\/\/asso-6art-sonchamp.fr\/index.php\/wp-json\/wp\/v2\/pages"}],"about":[{"href":"https:\/\/asso-6art-sonchamp.fr\/index.php\/wp-json\/wp\/v2\/types\/page"}],"author":[{"embeddable":true,"href":"https:\/\/asso-6art-sonchamp.fr\/index.php\/wp-json\/wp\/v2\/users\/1"}],"replies":[{"embeddable":true,"href":"https:\/\/asso-6art-sonchamp.fr\/index.php\/wp-json\/wp\/v2\/comments?post=69"}],"version-history":[{"count":90,"href":"https:\/\/asso-6art-sonchamp.fr\/index.php\/wp-json\/wp\/v2\/pages\/69\/revisions"}],"predecessor-version":[{"id":2595,"href":"https:\/\/asso-6art-sonchamp.fr\/index.php\/wp-json\/wp\/v2\/pages\/69\/revisions\/2595"}],"wp:attachment":[{"href":"https:\/\/asso-6art-sonchamp.fr\/index.php\/wp-json\/wp\/v2\/media?parent=69"}],"curies":[{"name":"wp","href":"https:\/\/api.w.org\/{rel}","templated":true}]}}