{"id":684,"date":"2016-07-10T14:26:39","date_gmt":"2016-07-10T13:26:39","guid":{"rendered":"http:\/\/asso-6art-sonchamp.fr\/?page_id=684"},"modified":"2025-04-16T21:21:54","modified_gmt":"2025-04-16T20:21:54","slug":"melina-castin","status":"publish","type":"page","link":"https:\/\/asso-6art-sonchamp.fr\/index.php\/melina-castin\/","title":{"rendered":"M\u00e9lina Castin"},"content":{"rendered":"<div id=\"pl-684\"  class=\"panel-layout\" ><div id=\"pg-684-0\"  class=\"panel-grid panel-no-style\"  style=\"margin-bottom: 10px\" ><div id=\"pgc-684-0-0\"  class=\"panel-grid-cell\" ><div id=\"panel-684-0-0-0\" class=\"so-panel widget widget_sow-editor panel-first-child panel-last-child\" data-index=\"0\" ><div\n\t\t\t\n\t\t\tclass=\"so-widget-sow-editor so-widget-sow-editor-base\"\n\t\t\t\n\t\t>\n<div class=\"siteorigin-widget-tinymce textwidget\">\n\t<p><img data-attachment-id=\"663\" data-permalink=\"https:\/\/asso-6art-sonchamp.fr\/index.php\/nos-professeurs\/melina\/\" data-orig-file=\"https:\/\/asso-6art-sonchamp.fr\/wp-content\/uploads\/2015\/11\/Me--lina.jpg\" data-orig-size=\"300,337\" data-comments-opened=\"0\" data-image-meta=\"{&quot;aperture&quot;:&quot;0&quot;,&quot;credit&quot;:&quot;valerie&quot;,&quot;camera&quot;:&quot;&quot;,&quot;caption&quot;:&quot;&quot;,&quot;created_timestamp&quot;:&quot;0&quot;,&quot;copyright&quot;:&quot;&quot;,&quot;focal_length&quot;:&quot;0&quot;,&quot;iso&quot;:&quot;0&quot;,&quot;shutter_speed&quot;:&quot;0&quot;,&quot;title&quot;:&quot;&quot;,&quot;orientation&quot;:&quot;1&quot;}\" data-image-title=\"Me\u0301lina\" data-image-description=\"\" data-image-caption=\"\" data-medium-file=\"https:\/\/asso-6art-sonchamp.fr\/wp-content\/uploads\/2015\/11\/Me--lina-267x300.jpg\" data-large-file=\"https:\/\/asso-6art-sonchamp.fr\/wp-content\/uploads\/2015\/11\/Me--lina.jpg\" loading=\"lazy\" decoding=\"async\" class=\"wp-image-663 size-medium aligncenter\" src=\"http:\/\/asso-6art-sonchamp.fr\/wp-content\/uploads\/2015\/11\/Me--lina-267x300.jpg\" alt=\"Me\u0301lina\" width=\"267\" height=\"300\" srcset=\"https:\/\/asso-6art-sonchamp.fr\/wp-content\/uploads\/2015\/11\/Me--lina-267x300.jpg 267w, https:\/\/asso-6art-sonchamp.fr\/wp-content\/uploads\/2015\/11\/Me--lina.jpg 300w\" sizes=\"auto, (max-width: 267px) 100vw, 267px\" \/><\/p>\n<p><span style=\"font-size: 14pt;\">M\u00e9lina enseigne la danse depuis 2003 et a obtenu son dipl\u00f4me de danse contemporaine en 2012 \u00e0 Choreia Arts Studio (Paris).<\/span><\/p>\n<p><span style=\"font-size: 14pt;\">La technique et la cr\u00e9ativit\u00e9 sont ses alli\u00e9es au sein de ses cours et de ses chor\u00e9graphies, et \u00e9tant form\u00e9e en jazz, contemporain et hip-hop, ces derni\u00e8res sont riches en couleur, en \u00e9nergie et en \u00e9motion. \u00ab\u00a0Pour moi, la danse est un moyen d\u2019expression et de lib\u00e9ration, on peut tout ressentir, tout vivre et tout transmettre\u00a0\u00bb.<\/span><\/p>\n<p><span style=\"font-size: 14pt;\">Au-del\u00e0 de ses cours, M\u00e9lina\u00a0 est chor\u00e9graphe de 2 Cies : en modern avec \"<span style=\"color: #ff6600;\"><a style=\"color: #ff6600;\" href=\"https:\/\/asso-6art-sonchamp.fr\/index.php\/a-corps-et-accords\/\" target=\"_blank\" rel=\"noopener\">A Corps et Accords<\/a><\/span>\" rattach\u00e9e \u00e0 6\u00e8me Art et en Hip-Hop avec \"Ulteam\" rattach\u00e9e \u00e0 l'association Wonder sur Hermeray (78). Elle a \u00e9galement \u00e9t\u00e9 chor\u00e9graphe de 2 Cies du Mesnil-Saint-Denis il y a quelques ann\u00e9es et jury au baccalaur\u00e9at de danse.\u00a0 En 2014, elle a obtenu la certification Zumba.<\/span><\/p>\n<\/div>\n<\/div><\/div><\/div><\/div><div id=\"pg-684-1\"  class=\"panel-grid panel-no-style\"  style=\"margin-bottom: 10px\" ><div id=\"pgc-684-1-0\"  class=\"panel-grid-cell\" ><div id=\"panel-684-1-0-0\" class=\"so-panel widget widget_sow-editor panel-first-child panel-last-child\" data-index=\"1\" ><div\n\t\t\t\n\t\t\tclass=\"so-widget-sow-editor so-widget-sow-editor-base\"\n\t\t\t\n\t\t>\n<div class=\"siteorigin-widget-tinymce textwidget\">\n\t<p style=\"text-align: center;\"><a href=\"http:\/\/asso-6art-sonchamp.fr\/wp-content\/uploads\/2025\/04\/Danse-148-bis.jpg\"><img data-attachment-id=\"2219\" data-permalink=\"https:\/\/asso-6art-sonchamp.fr\/index.php\/melina-castin\/screenshot\/\" data-orig-file=\"https:\/\/asso-6art-sonchamp.fr\/wp-content\/uploads\/2025\/04\/Danse-148-bis.jpg\" data-orig-size=\"2298,1390\" data-comments-opened=\"0\" data-image-meta=\"{&quot;aperture&quot;:&quot;0&quot;,&quot;credit&quot;:&quot;&quot;,&quot;camera&quot;:&quot;&quot;,&quot;caption&quot;:&quot;Screenshot&quot;,&quot;created_timestamp&quot;:&quot;0&quot;,&quot;copyright&quot;:&quot;&quot;,&quot;focal_length&quot;:&quot;0&quot;,&quot;iso&quot;:&quot;0&quot;,&quot;shutter_speed&quot;:&quot;0&quot;,&quot;title&quot;:&quot;Screenshot&quot;,&quot;orientation&quot;:&quot;1&quot;}\" data-image-title=\"Screenshot\" data-image-description=\"\" data-image-caption=\"&lt;p&gt;Screenshot&lt;\/p&gt;\n\" data-medium-file=\"https:\/\/asso-6art-sonchamp.fr\/wp-content\/uploads\/2025\/04\/Danse-148-bis-300x181.jpg\" data-large-file=\"https:\/\/asso-6art-sonchamp.fr\/wp-content\/uploads\/2025\/04\/Danse-148-bis-1024x619.jpg\" loading=\"lazy\" decoding=\"async\" class=\"wp-image-2219 size-medium aligncenter\" src=\"http:\/\/asso-6art-sonchamp.fr\/wp-content\/uploads\/2025\/04\/Danse-148-bis-300x181.jpg\" alt=\"\" width=\"300\" height=\"181\" srcset=\"https:\/\/asso-6art-sonchamp.fr\/wp-content\/uploads\/2025\/04\/Danse-148-bis-300x181.jpg 300w, https:\/\/asso-6art-sonchamp.fr\/wp-content\/uploads\/2025\/04\/Danse-148-bis-1024x619.jpg 1024w, https:\/\/asso-6art-sonchamp.fr\/wp-content\/uploads\/2025\/04\/Danse-148-bis-768x465.jpg 768w, https:\/\/asso-6art-sonchamp.fr\/wp-content\/uploads\/2025\/04\/Danse-148-bis-1536x929.jpg 1536w, https:\/\/asso-6art-sonchamp.fr\/wp-content\/uploads\/2025\/04\/Danse-148-bis-2048x1239.jpg 2048w\" sizes=\"auto, (max-width: 300px) 100vw, 300px\" \/><\/a>A Corps et Accords - 6\u00e8me Art - Juin 2023<\/p>\n<p style=\"text-align: center;\"><a href=\"http:\/\/asso-6art-sonchamp.fr\/wp-content\/uploads\/2025\/04\/Danse-146-bis.jpg\"><img data-attachment-id=\"2218\" data-permalink=\"https:\/\/asso-6art-sonchamp.fr\/index.php\/melina-castin\/danse-146-bis\/\" data-orig-file=\"https:\/\/asso-6art-sonchamp.fr\/wp-content\/uploads\/2025\/04\/Danse-146-bis.jpg\" data-orig-size=\"\" data-comments-opened=\"0\" data-image-meta=\"[]\" data-image-title=\"Danse #146 bis\" data-image-description=\"\" data-image-caption=\"\" data-medium-file=\"https:\/\/asso-6art-sonchamp.fr\/wp-content\/uploads\/2025\/04\/Danse-146-bis.jpg\" data-large-file=\"https:\/\/asso-6art-sonchamp.fr\/wp-content\/uploads\/2025\/04\/Danse-146-bis.jpg\" loading=\"lazy\" decoding=\"async\" class=\"alignleft size-thumbnail wp-image-2218\" src=\"http:\/\/asso-6art-sonchamp.fr\/wp-content\/uploads\/2025\/04\/Danse-146-bis.jpg\" alt=\"\" width=\"1\" height=\"1\" \/><\/a><\/p>\n<\/div>\n<\/div><\/div><\/div><div id=\"pgc-684-1-1\"  class=\"panel-grid-cell\" ><div id=\"panel-684-1-1-0\" class=\"so-panel widget widget_sow-editor panel-first-child panel-last-child\" data-index=\"2\" ><div\n\t\t\t\n\t\t\tclass=\"so-widget-sow-editor so-widget-sow-editor-base\"\n\t\t\t\n\t\t>\n<div class=\"siteorigin-widget-tinymce textwidget\">\n\t<p style=\"text-align: center;\"><a href=\"http:\/\/asso-6art-sonchamp.fr\/wp-content\/uploads\/2025\/04\/PHOTO-2025-02-06-11-35-27-4.jpg\"><img data-attachment-id=\"2223\" data-permalink=\"https:\/\/asso-6art-sonchamp.fr\/index.php\/melina-castin\/photo-2025-02-06-11-35-27-4\/\" data-orig-file=\"https:\/\/asso-6art-sonchamp.fr\/wp-content\/uploads\/2025\/04\/PHOTO-2025-02-06-11-35-27-4.jpg\" data-orig-size=\"1600,1066\" data-comments-opened=\"0\" data-image-meta=\"{&quot;aperture&quot;:&quot;0&quot;,&quot;credit&quot;:&quot;&quot;,&quot;camera&quot;:&quot;&quot;,&quot;caption&quot;:&quot;&quot;,&quot;created_timestamp&quot;:&quot;0&quot;,&quot;copyright&quot;:&quot;&quot;,&quot;focal_length&quot;:&quot;0&quot;,&quot;iso&quot;:&quot;0&quot;,&quot;shutter_speed&quot;:&quot;0&quot;,&quot;title&quot;:&quot;&quot;,&quot;orientation&quot;:&quot;0&quot;}\" data-image-title=\"PHOTO-2025-02-06-11-35-27 4\" data-image-description=\"\" data-image-caption=\"\" data-medium-file=\"https:\/\/asso-6art-sonchamp.fr\/wp-content\/uploads\/2025\/04\/PHOTO-2025-02-06-11-35-27-4-300x200.jpg\" data-large-file=\"https:\/\/asso-6art-sonchamp.fr\/wp-content\/uploads\/2025\/04\/PHOTO-2025-02-06-11-35-27-4-1024x682.jpg\" loading=\"lazy\" decoding=\"async\" class=\"aligncenter wp-image-2223 size-medium\" src=\"http:\/\/asso-6art-sonchamp.fr\/wp-content\/uploads\/2025\/04\/PHOTO-2025-02-06-11-35-27-4-300x200.jpg\" alt=\"\" width=\"300\" height=\"200\" srcset=\"https:\/\/asso-6art-sonchamp.fr\/wp-content\/uploads\/2025\/04\/PHOTO-2025-02-06-11-35-27-4-300x200.jpg 300w, https:\/\/asso-6art-sonchamp.fr\/wp-content\/uploads\/2025\/04\/PHOTO-2025-02-06-11-35-27-4-1024x682.jpg 1024w, https:\/\/asso-6art-sonchamp.fr\/wp-content\/uploads\/2025\/04\/PHOTO-2025-02-06-11-35-27-4-768x512.jpg 768w, https:\/\/asso-6art-sonchamp.fr\/wp-content\/uploads\/2025\/04\/PHOTO-2025-02-06-11-35-27-4-1536x1023.jpg 1536w, https:\/\/asso-6art-sonchamp.fr\/wp-content\/uploads\/2025\/04\/PHOTO-2025-02-06-11-35-27-4-272x182.jpg 272w, https:\/\/asso-6art-sonchamp.fr\/wp-content\/uploads\/2025\/04\/PHOTO-2025-02-06-11-35-27-4.jpg 1600w\" sizes=\"auto, (max-width: 300px) 100vw, 300px\" \/><\/a><a href=\"http:\/\/asso-6art-sonchamp.fr\/wp-content\/uploads\/2025\/04\/Danse-146-bis.jpg\"><img data-attachment-id=\"2218\" data-permalink=\"https:\/\/asso-6art-sonchamp.fr\/index.php\/melina-castin\/danse-146-bis\/\" data-orig-file=\"https:\/\/asso-6art-sonchamp.fr\/wp-content\/uploads\/2025\/04\/Danse-146-bis.jpg\" data-orig-size=\"\" data-comments-opened=\"0\" data-image-meta=\"[]\" data-image-title=\"Danse #146 bis\" data-image-description=\"\" data-image-caption=\"\" data-medium-file=\"https:\/\/asso-6art-sonchamp.fr\/wp-content\/uploads\/2025\/04\/Danse-146-bis.jpg\" data-large-file=\"https:\/\/asso-6art-sonchamp.fr\/wp-content\/uploads\/2025\/04\/Danse-146-bis.jpg\" loading=\"lazy\" decoding=\"async\" class=\"alignleft size-thumbnail wp-image-2218\" src=\"http:\/\/asso-6art-sonchamp.fr\/wp-content\/uploads\/2025\/04\/Danse-146-bis.jpg\" alt=\"\" width=\"1\" height=\"1\" \/><\/a>A Corps et Accords - 6\u00e8me Art - Juin 2024<\/p>\n<\/div>\n<\/div><\/div><\/div><div id=\"pgc-684-1-2\"  class=\"panel-grid-cell\" ><div id=\"panel-684-1-2-0\" class=\"so-panel widget widget_sow-editor panel-first-child panel-last-child\" data-index=\"3\" ><div\n\t\t\t\n\t\t\tclass=\"so-widget-sow-editor so-widget-sow-editor-base\"\n\t\t\t\n\t\t>\n<div class=\"siteorigin-widget-tinymce textwidget\">\n\t<p style=\"text-align: center;\"><a href=\"http:\/\/asso-6art-sonchamp.fr\/wp-content\/uploads\/2025\/04\/PHOTO-2025-02-06-11-35-27-5.jpg\"><img data-attachment-id=\"2224\" data-permalink=\"https:\/\/asso-6art-sonchamp.fr\/index.php\/melina-castin\/photo-2025-02-06-11-35-27-5\/\" data-orig-file=\"https:\/\/asso-6art-sonchamp.fr\/wp-content\/uploads\/2025\/04\/PHOTO-2025-02-06-11-35-27-5.jpg\" data-orig-size=\"1600,1066\" data-comments-opened=\"0\" data-image-meta=\"{&quot;aperture&quot;:&quot;0&quot;,&quot;credit&quot;:&quot;&quot;,&quot;camera&quot;:&quot;&quot;,&quot;caption&quot;:&quot;&quot;,&quot;created_timestamp&quot;:&quot;0&quot;,&quot;copyright&quot;:&quot;&quot;,&quot;focal_length&quot;:&quot;0&quot;,&quot;iso&quot;:&quot;0&quot;,&quot;shutter_speed&quot;:&quot;0&quot;,&quot;title&quot;:&quot;&quot;,&quot;orientation&quot;:&quot;0&quot;}\" data-image-title=\"PHOTO-2025-02-06-11-35-27 5\" data-image-description=\"\" data-image-caption=\"\" data-medium-file=\"https:\/\/asso-6art-sonchamp.fr\/wp-content\/uploads\/2025\/04\/PHOTO-2025-02-06-11-35-27-5-300x200.jpg\" data-large-file=\"https:\/\/asso-6art-sonchamp.fr\/wp-content\/uploads\/2025\/04\/PHOTO-2025-02-06-11-35-27-5-1024x682.jpg\" loading=\"lazy\" decoding=\"async\" class=\"aligncenter wp-image-2224 size-medium\" src=\"http:\/\/asso-6art-sonchamp.fr\/wp-content\/uploads\/2025\/04\/PHOTO-2025-02-06-11-35-27-5-300x200.jpg\" alt=\"\" width=\"300\" height=\"200\" srcset=\"https:\/\/asso-6art-sonchamp.fr\/wp-content\/uploads\/2025\/04\/PHOTO-2025-02-06-11-35-27-5-300x200.jpg 300w, https:\/\/asso-6art-sonchamp.fr\/wp-content\/uploads\/2025\/04\/PHOTO-2025-02-06-11-35-27-5-1024x682.jpg 1024w, https:\/\/asso-6art-sonchamp.fr\/wp-content\/uploads\/2025\/04\/PHOTO-2025-02-06-11-35-27-5-768x512.jpg 768w, https:\/\/asso-6art-sonchamp.fr\/wp-content\/uploads\/2025\/04\/PHOTO-2025-02-06-11-35-27-5-1536x1023.jpg 1536w, https:\/\/asso-6art-sonchamp.fr\/wp-content\/uploads\/2025\/04\/PHOTO-2025-02-06-11-35-27-5-272x182.jpg 272w, https:\/\/asso-6art-sonchamp.fr\/wp-content\/uploads\/2025\/04\/PHOTO-2025-02-06-11-35-27-5.jpg 1600w\" sizes=\"auto, (max-width: 300px) 100vw, 300px\" \/><\/a>A Corps et Accords - 6\u00e8me Art - Juin 2024<\/p>\n<\/div>\n<\/div><\/div><\/div><\/div><div id=\"pg-684-2\"  class=\"panel-grid panel-no-style\"  style=\"margin-bottom: 10px\" ><div id=\"pgc-684-2-0\"  class=\"panel-grid-cell\" ><div id=\"panel-684-2-0-0\" class=\"so-panel widget widget_sow-editor panel-first-child panel-last-child\" data-index=\"4\" ><div\n\t\t\t\n\t\t\tclass=\"so-widget-sow-editor so-widget-sow-editor-base\"\n\t\t\t\n\t\t>\n<div class=\"siteorigin-widget-tinymce textwidget\">\n\t<p style=\"text-align: center;\"><a href=\"http:\/\/asso-6art-sonchamp.fr\/wp-content\/uploads\/2025\/04\/PHOTO-2025-02-06-11-36-42-4.jpg\"><img data-attachment-id=\"2228\" data-permalink=\"https:\/\/asso-6art-sonchamp.fr\/index.php\/melina-castin\/photo-2025-02-06-11-36-42-4\/\" data-orig-file=\"https:\/\/asso-6art-sonchamp.fr\/wp-content\/uploads\/2025\/04\/PHOTO-2025-02-06-11-36-42-4.jpg\" data-orig-size=\"1600,1600\" data-comments-opened=\"0\" data-image-meta=\"{&quot;aperture&quot;:&quot;0&quot;,&quot;credit&quot;:&quot;&quot;,&quot;camera&quot;:&quot;&quot;,&quot;caption&quot;:&quot;&quot;,&quot;created_timestamp&quot;:&quot;0&quot;,&quot;copyright&quot;:&quot;&quot;,&quot;focal_length&quot;:&quot;0&quot;,&quot;iso&quot;:&quot;0&quot;,&quot;shutter_speed&quot;:&quot;0&quot;,&quot;title&quot;:&quot;&quot;,&quot;orientation&quot;:&quot;0&quot;}\" data-image-title=\"PHOTO-2025-02-06-11-36-42 4\" data-image-description=\"\" data-image-caption=\"\" data-medium-file=\"https:\/\/asso-6art-sonchamp.fr\/wp-content\/uploads\/2025\/04\/PHOTO-2025-02-06-11-36-42-4-300x300.jpg\" data-large-file=\"https:\/\/asso-6art-sonchamp.fr\/wp-content\/uploads\/2025\/04\/PHOTO-2025-02-06-11-36-42-4-1024x1024.jpg\" loading=\"lazy\" decoding=\"async\" class=\"aligncenter wp-image-2228 size-medium\" src=\"http:\/\/asso-6art-sonchamp.fr\/wp-content\/uploads\/2025\/04\/PHOTO-2025-02-06-11-36-42-4-300x300.jpg\" alt=\"\" width=\"300\" height=\"300\" srcset=\"https:\/\/asso-6art-sonchamp.fr\/wp-content\/uploads\/2025\/04\/PHOTO-2025-02-06-11-36-42-4-300x300.jpg 300w, https:\/\/asso-6art-sonchamp.fr\/wp-content\/uploads\/2025\/04\/PHOTO-2025-02-06-11-36-42-4-1024x1024.jpg 1024w, https:\/\/asso-6art-sonchamp.fr\/wp-content\/uploads\/2025\/04\/PHOTO-2025-02-06-11-36-42-4-150x150.jpg 150w, https:\/\/asso-6art-sonchamp.fr\/wp-content\/uploads\/2025\/04\/PHOTO-2025-02-06-11-36-42-4-768x768.jpg 768w, https:\/\/asso-6art-sonchamp.fr\/wp-content\/uploads\/2025\/04\/PHOTO-2025-02-06-11-36-42-4-1536x1536.jpg 1536w, https:\/\/asso-6art-sonchamp.fr\/wp-content\/uploads\/2025\/04\/PHOTO-2025-02-06-11-36-42-4.jpg 1600w\" sizes=\"auto, (max-width: 300px) 100vw, 300px\" \/><\/a><a href=\"http:\/\/asso-6art-sonchamp.fr\/wp-content\/uploads\/2025\/04\/Danse-146-bis.jpg\"><img data-attachment-id=\"2218\" data-permalink=\"https:\/\/asso-6art-sonchamp.fr\/index.php\/melina-castin\/danse-146-bis\/\" data-orig-file=\"https:\/\/asso-6art-sonchamp.fr\/wp-content\/uploads\/2025\/04\/Danse-146-bis.jpg\" data-orig-size=\"\" data-comments-opened=\"0\" data-image-meta=\"[]\" data-image-title=\"Danse #146 bis\" data-image-description=\"\" data-image-caption=\"\" data-medium-file=\"https:\/\/asso-6art-sonchamp.fr\/wp-content\/uploads\/2025\/04\/Danse-146-bis.jpg\" data-large-file=\"https:\/\/asso-6art-sonchamp.fr\/wp-content\/uploads\/2025\/04\/Danse-146-bis.jpg\" loading=\"lazy\" decoding=\"async\" class=\"alignleft size-thumbnail wp-image-2218\" src=\"http:\/\/asso-6art-sonchamp.fr\/wp-content\/uploads\/2025\/04\/Danse-146-bis.jpg\" alt=\"\" width=\"1\" height=\"1\" \/><\/a>Ulteam - Wonder - Juin 2024<\/p>\n<\/div>\n<\/div><\/div><\/div><div id=\"pgc-684-2-1\"  class=\"panel-grid-cell\" ><div id=\"panel-684-2-1-0\" class=\"so-panel widget widget_sow-editor panel-first-child panel-last-child\" data-index=\"5\" ><div\n\t\t\t\n\t\t\tclass=\"so-widget-sow-editor so-widget-sow-editor-base\"\n\t\t\t\n\t\t>\n<div class=\"siteorigin-widget-tinymce textwidget\">\n\t<p style=\"text-align: center;\"><a href=\"http:\/\/asso-6art-sonchamp.fr\/wp-content\/uploads\/2025\/04\/PHOTO-2025-02-06-11-36-42-5.jpg\"><img data-attachment-id=\"2230\" data-permalink=\"https:\/\/asso-6art-sonchamp.fr\/index.php\/melina-castin\/photo-2025-02-06-11-36-42-5\/\" data-orig-file=\"https:\/\/asso-6art-sonchamp.fr\/wp-content\/uploads\/2025\/04\/PHOTO-2025-02-06-11-36-42-5.jpg\" data-orig-size=\"1600,1066\" data-comments-opened=\"0\" data-image-meta=\"{&quot;aperture&quot;:&quot;0&quot;,&quot;credit&quot;:&quot;&quot;,&quot;camera&quot;:&quot;&quot;,&quot;caption&quot;:&quot;&quot;,&quot;created_timestamp&quot;:&quot;0&quot;,&quot;copyright&quot;:&quot;&quot;,&quot;focal_length&quot;:&quot;0&quot;,&quot;iso&quot;:&quot;0&quot;,&quot;shutter_speed&quot;:&quot;0&quot;,&quot;title&quot;:&quot;&quot;,&quot;orientation&quot;:&quot;0&quot;}\" data-image-title=\"PHOTO-2025-02-06-11-36-42 5\" data-image-description=\"\" data-image-caption=\"\" data-medium-file=\"https:\/\/asso-6art-sonchamp.fr\/wp-content\/uploads\/2025\/04\/PHOTO-2025-02-06-11-36-42-5-300x200.jpg\" data-large-file=\"https:\/\/asso-6art-sonchamp.fr\/wp-content\/uploads\/2025\/04\/PHOTO-2025-02-06-11-36-42-5-1024x682.jpg\" loading=\"lazy\" decoding=\"async\" class=\"aligncenter wp-image-2230 size-medium\" src=\"http:\/\/asso-6art-sonchamp.fr\/wp-content\/uploads\/2025\/04\/PHOTO-2025-02-06-11-36-42-5-300x200.jpg\" alt=\"\" width=\"300\" height=\"200\" srcset=\"https:\/\/asso-6art-sonchamp.fr\/wp-content\/uploads\/2025\/04\/PHOTO-2025-02-06-11-36-42-5-300x200.jpg 300w, https:\/\/asso-6art-sonchamp.fr\/wp-content\/uploads\/2025\/04\/PHOTO-2025-02-06-11-36-42-5-1024x682.jpg 1024w, https:\/\/asso-6art-sonchamp.fr\/wp-content\/uploads\/2025\/04\/PHOTO-2025-02-06-11-36-42-5-768x512.jpg 768w, https:\/\/asso-6art-sonchamp.fr\/wp-content\/uploads\/2025\/04\/PHOTO-2025-02-06-11-36-42-5-1536x1023.jpg 1536w, https:\/\/asso-6art-sonchamp.fr\/wp-content\/uploads\/2025\/04\/PHOTO-2025-02-06-11-36-42-5-272x182.jpg 272w, https:\/\/asso-6art-sonchamp.fr\/wp-content\/uploads\/2025\/04\/PHOTO-2025-02-06-11-36-42-5.jpg 1600w\" sizes=\"auto, (max-width: 300px) 100vw, 300px\" \/><\/a>Ulteam - Wonder - Juin 2024<\/p>\n<\/div>\n<\/div><\/div><\/div><div id=\"pgc-684-2-2\"  class=\"panel-grid-cell\" ><div id=\"panel-684-2-2-0\" class=\"so-panel widget widget_sow-editor panel-first-child panel-last-child\" data-index=\"6\" ><div\n\t\t\t\n\t\t\tclass=\"so-widget-sow-editor so-widget-sow-editor-base\"\n\t\t\t\n\t\t>\n<div class=\"siteorigin-widget-tinymce textwidget\">\n\t<p style=\"text-align: center;\"><a href=\"http:\/\/asso-6art-sonchamp.fr\/wp-content\/uploads\/2025\/04\/WhatsApp-Image-2025-03-16-at-11.09.18-23.jpeg\"><img data-attachment-id=\"2227\" data-permalink=\"https:\/\/asso-6art-sonchamp.fr\/index.php\/melina-castin\/whatsapp-image-2025-03-16-at-11-09-18-23\/\" data-orig-file=\"https:\/\/asso-6art-sonchamp.fr\/wp-content\/uploads\/2025\/04\/WhatsApp-Image-2025-03-16-at-11.09.18-23.jpeg\" data-orig-size=\"2000,1500\" data-comments-opened=\"0\" data-image-meta=\"{&quot;aperture&quot;:&quot;0&quot;,&quot;credit&quot;:&quot;&quot;,&quot;camera&quot;:&quot;&quot;,&quot;caption&quot;:&quot;&quot;,&quot;created_timestamp&quot;:&quot;0&quot;,&quot;copyright&quot;:&quot;&quot;,&quot;focal_length&quot;:&quot;0&quot;,&quot;iso&quot;:&quot;0&quot;,&quot;shutter_speed&quot;:&quot;0&quot;,&quot;title&quot;:&quot;&quot;,&quot;orientation&quot;:&quot;0&quot;}\" data-image-title=\"WhatsApp Image 2025-03-16 at 11.09.18 (23)\" data-image-description=\"\" data-image-caption=\"\" data-medium-file=\"https:\/\/asso-6art-sonchamp.fr\/wp-content\/uploads\/2025\/04\/WhatsApp-Image-2025-03-16-at-11.09.18-23-300x225.jpeg\" data-large-file=\"https:\/\/asso-6art-sonchamp.fr\/wp-content\/uploads\/2025\/04\/WhatsApp-Image-2025-03-16-at-11.09.18-23-1024x768.jpeg\" loading=\"lazy\" decoding=\"async\" class=\"aligncenter wp-image-2227 size-medium\" src=\"http:\/\/asso-6art-sonchamp.fr\/wp-content\/uploads\/2025\/04\/WhatsApp-Image-2025-03-16-at-11.09.18-23-300x225.jpeg\" alt=\"\" width=\"300\" height=\"225\" srcset=\"https:\/\/asso-6art-sonchamp.fr\/wp-content\/uploads\/2025\/04\/WhatsApp-Image-2025-03-16-at-11.09.18-23-300x225.jpeg 300w, https:\/\/asso-6art-sonchamp.fr\/wp-content\/uploads\/2025\/04\/WhatsApp-Image-2025-03-16-at-11.09.18-23-1024x768.jpeg 1024w, https:\/\/asso-6art-sonchamp.fr\/wp-content\/uploads\/2025\/04\/WhatsApp-Image-2025-03-16-at-11.09.18-23-768x576.jpeg 768w, https:\/\/asso-6art-sonchamp.fr\/wp-content\/uploads\/2025\/04\/WhatsApp-Image-2025-03-16-at-11.09.18-23-1536x1152.jpeg 1536w, https:\/\/asso-6art-sonchamp.fr\/wp-content\/uploads\/2025\/04\/WhatsApp-Image-2025-03-16-at-11.09.18-23.jpeg 2000w\" sizes=\"auto, (max-width: 300px) 100vw, 300px\" \/><\/a>A Corps et Accords - 6\u00e8me Art\u00a0 &amp; Ulteam - Wonder\u00a0 en Mars 2025<\/p>\n<p style=\"text-align: center;\"><a href=\"http:\/\/asso-6art-sonchamp.fr\/wp-content\/uploads\/2025\/04\/Danse-146-bis.jpg\"><img data-attachment-id=\"2218\" data-permalink=\"https:\/\/asso-6art-sonchamp.fr\/index.php\/melina-castin\/danse-146-bis\/\" data-orig-file=\"https:\/\/asso-6art-sonchamp.fr\/wp-content\/uploads\/2025\/04\/Danse-146-bis.jpg\" data-orig-size=\"\" data-comments-opened=\"0\" data-image-meta=\"[]\" data-image-title=\"Danse #146 bis\" data-image-description=\"\" data-image-caption=\"\" data-medium-file=\"https:\/\/asso-6art-sonchamp.fr\/wp-content\/uploads\/2025\/04\/Danse-146-bis.jpg\" data-large-file=\"https:\/\/asso-6art-sonchamp.fr\/wp-content\/uploads\/2025\/04\/Danse-146-bis.jpg\" loading=\"lazy\" decoding=\"async\" class=\"alignleft size-thumbnail wp-image-2218\" src=\"http:\/\/asso-6art-sonchamp.fr\/wp-content\/uploads\/2025\/04\/Danse-146-bis.jpg\" alt=\"\" width=\"1\" height=\"1\" \/><\/a><\/p>\n<\/div>\n<\/div><\/div><\/div><\/div><div id=\"pg-684-3\"  class=\"panel-grid panel-no-style\" ><div id=\"pgc-684-3-0\"  class=\"panel-grid-cell\" ><div id=\"panel-684-3-0-0\" class=\"so-panel widget widget_sow-editor panel-first-child panel-last-child\" data-index=\"7\" ><div\n\t\t\t\n\t\t\tclass=\"so-widget-sow-editor so-widget-sow-editor-base\"\n\t\t\t\n\t\t>\n<div class=\"siteorigin-widget-tinymce textwidget\">\n\t<\/div>\n<\/div><\/div><\/div><div id=\"pgc-684-3-1\"  class=\"panel-grid-cell\" ><div id=\"panel-684-3-1-0\" class=\"so-panel widget widget_sow-editor panel-first-child panel-last-child\" data-index=\"8\" ><div\n\t\t\t\n\t\t\tclass=\"so-widget-sow-editor so-widget-sow-editor-base\"\n\t\t\t\n\t\t>\n<div class=\"siteorigin-widget-tinymce textwidget\">\n\t<\/div>\n<\/div><\/div><\/div><\/div><\/div>","protected":false},"excerpt":{"rendered":"<p>M\u00e9lina enseigne la danse depuis 2003 et a obtenu son dipl\u00f4me de danse contemporaine en 2012 \u00e0 Choreia Arts Studio (Paris). La technique et la cr\u00e9ativit\u00e9 sont ses alli\u00e9es au sein de ses cours et de ses chor\u00e9graphies, et \u00e9tant form\u00e9e en jazz, contemporain et hip-hop, ces derni\u00e8res sont riches en couleur, en \u00e9nergie et &hellip; <a href=\"https:\/\/asso-6art-sonchamp.fr\/index.php\/melina-castin\/\" class=\"more-link\">Continuer la lecture de <span class=\"screen-reader-text\">M\u00e9lina Castin<\/span>  <span class=\"meta-nav\">&rarr;<\/span><\/a><\/p>\n","protected":false},"author":1,"featured_media":0,"parent":0,"menu_order":0,"comment_status":"closed","ping_status":"closed","template":"","meta":{"_acf_changed":false,"jetpack_post_was_ever_published":false,"footnotes":""},"class_list":["post-684","page","type-page","status-publish","hentry"],"acf":[],"jetpack_sharing_enabled":true,"jetpack_shortlink":"https:\/\/wp.me\/P6Yl4y-b2","jetpack-related-posts":[],"_links":{"self":[{"href":"https:\/\/asso-6art-sonchamp.fr\/index.php\/wp-json\/wp\/v2\/pages\/684","targetHints":{"allow":["GET"]}}],"collection":[{"href":"https:\/\/asso-6art-sonchamp.fr\/index.php\/wp-json\/wp\/v2\/pages"}],"about":[{"href":"https:\/\/asso-6art-sonchamp.fr\/index.php\/wp-json\/wp\/v2\/types\/page"}],"author":[{"embeddable":true,"href":"https:\/\/asso-6art-sonchamp.fr\/index.php\/wp-json\/wp\/v2\/users\/1"}],"replies":[{"embeddable":true,"href":"https:\/\/asso-6art-sonchamp.fr\/index.php\/wp-json\/wp\/v2\/comments?post=684"}],"version-history":[{"count":18,"href":"https:\/\/asso-6art-sonchamp.fr\/index.php\/wp-json\/wp\/v2\/pages\/684\/revisions"}],"predecessor-version":[{"id":2297,"href":"https:\/\/asso-6art-sonchamp.fr\/index.php\/wp-json\/wp\/v2\/pages\/684\/revisions\/2297"}],"wp:attachment":[{"href":"https:\/\/asso-6art-sonchamp.fr\/index.php\/wp-json\/wp\/v2\/media?parent=684"}],"curies":[{"name":"wp","href":"https:\/\/api.w.org\/{rel}","templated":true}]}}